{"id":53524,"date":"2019-02-14T20:37:13","date_gmt":"2019-02-14T22:37:13","guid":{"rendered":"https:\/\/www.radisufv.com.br\/site\/?page_id=53524"},"modified":"2019-02-28T15:10:17","modified_gmt":"2019-02-28T18:10:17","slug":"aerolevantamento","status":"publish","type":"page","link":"https:\/\/www.radisufv.com.br\/site\/aerolevantamento\/","title":{"rendered":"AeroLevantamento"},"content":{"rendered":"<p>[et_pb_section fb_built=&#8221;1&#8243; _builder_version=&#8221;3.0.47&#8243;][et_pb_row _builder_version=&#8221;3.0.94&#8243;][et_pb_column type=&#8221;4_4&#8243; _builder_version=&#8221;3.0.94&#8243; parallax=&#8221;off&#8221; parallax_method=&#8221;on&#8221;][et_pb_text _builder_version=&#8221;3.0.94&#8243; text_font=&#8221;||||||||&#8221;]<\/p>\n<h3 style=\"text-align: center;\"><strong>GEORREFERENCIAMENTO<\/strong><\/h3>\n<p>[\/et_pb_text][\/et_pb_column][\/et_pb_row][et_pb_row _builder_version=&#8221;3.0.47&#8243; background_size=&#8221;initial&#8221; background_position=&#8221;top_left&#8221; background_repeat=&#8221;repeat&#8221;][et_pb_column type=&#8221;4_4&#8243; _builder_version=&#8221;3.0.47&#8243; parallax=&#8221;off&#8221; parallax_method=&#8221;on&#8221;][et_pb_text _builder_version=&#8221;3.0.94&#8243;]<\/p>\n<h3><strong>USO DE VANTs<\/strong><\/h3>\n<p>[\/et_pb_text][et_pb_text _builder_version=&#8221;3.0.94&#8243;]<\/p>\n<p style=\"text-align: justify;\">Pela primeira vez, um drone foi utilizado em atividades de campo em assentamento da reforma agr\u00e1ria em Alagoas. O projeto-piloto iniciou pelo assentamento Junco, localizado no munic\u00edpio de Maragogi, com o aerolevantamento cartogr\u00e1fico.<br \/> O objetivo do mapeamento a\u00e9reo do assentamento \u00e9 fornecer dados importantes para o Cadastro Ambiental Rural (CAR) e o georreferenciamento dos lotes do assentamento. O m\u00e9todo conferir\u00e1 agilidade e economia de recursos, pois a execu\u00e7\u00e3o \u00e9 mais r\u00e1pida, se comparada ao m\u00e9todo tradicional, com a ida de t\u00e9cnicos a campo munidos de GPS.<\/p>\n<p>[\/et_pb_text][\/et_pb_column][\/et_pb_row][et_pb_row _builder_version=&#8221;3.0.47&#8243; background_size=&#8221;initial&#8221; background_position=&#8221;top_left&#8221; background_repeat=&#8221;repeat&#8221;][et_pb_column type=&#8221;1_2&#8243; _builder_version=&#8221;3.0.47&#8243; parallax=&#8221;off&#8221; parallax_method=&#8221;on&#8221;][et_pb_text _builder_version=&#8221;3.0.94&#8243;]<\/p>\n<h3><strong>METODOLOGIA<\/strong><\/h3>\n<p><strong><\/strong><\/p>\n<p style=\"text-align: justify;\">As atividades de escrit\u00f3rio que precederam as atividades de campo objetivaram o planejamento dos locais de implanta\u00e7\u00e3o de pontos de controle (15 unidades) e pontos de verifica\u00e7\u00e3o (23 unidades), distribu\u00eddos estrategicamente dentro do per\u00edmetro do assentamento (Figura 1) e o planejamento do voo (Figura 2), que contou com as especifica\u00e7\u00f5es t\u00e9cnicas:<br \/> &#8211; GSD: 5 cm (resolu\u00e7\u00e3o espacial prevista)<br \/> &#8211; Sobreposi\u00e7\u00f5es: frontal 75% \/ lateral 65%<br \/> &#8211; N\u00famero de voos: 6 (registro dos voos no portal SARPAS\/DECEA)<\/p>\n<p style=\"text-align: justify;\">Foram captadas quase duas mil imagens a\u00e9reas do assentamento Junco, com alto n\u00edvel de resolu\u00e7\u00e3o. Dentre os dados que foram gerados, com elevada precis\u00e3o t\u00e9cnica, est\u00e3o os limites dos lotes, as \u00e1reas de reserva legal e os recursos h\u00eddricos do local.<br \/> Os t\u00e9cnicos da UFV apresentaram, em de 3 de dezembro, os resultados preliminares na sede do Incra em Macei\u00f3 (AL).<\/p>\n<p>[\/et_pb_text][\/et_pb_column][et_pb_column type=&#8221;1_2&#8243; _builder_version=&#8221;3.0.47&#8243; parallax=&#8221;off&#8221; parallax_method=&#8221;on&#8221;][et_pb_gallery gallery_ids=&#8221;53536,53535,53534,53533,53532,53531&#8243; posts_number=&#8221;6&#8243; show_title_and_caption=&#8221;off&#8221; _builder_version=&#8221;3.0.94&#8243; pagination_font_size_tablet=&#8221;51&#8243; pagination_line_height_tablet=&#8221;2&#8243;][\/et_pb_gallery][\/et_pb_column][\/et_pb_row][et_pb_row _builder_version=&#8221;3.0.47&#8243; background_size=&#8221;initial&#8221; background_position=&#8221;top_left&#8221; background_repeat=&#8221;repeat&#8221;][et_pb_column type=&#8221;4_4&#8243; _builder_version=&#8221;3.0.47&#8243; parallax=&#8221;off&#8221; parallax_method=&#8221;on&#8221;][et_pb_text _builder_version=&#8221;3.0.94&#8243;]<\/p>\n<p>As principais inconsist\u00eancias encontradas nos arquivos recebidos do INCRA, tendo como base o ortomosaico gerado com imagens a\u00e9reas obtidas com drone, s\u00e3o:<\/p>\n<p>[\/et_pb_text][et_pb_slider show_inner_shadow=&#8221;off&#8221; _builder_version=&#8221;3.0.94&#8243; background_color=&#8221;rgba(36,191,41,0.38)&#8221;][et_pb_slide heading=&#8221;Per\u00edmetro, Lotes, Vegeta\u00e7\u00e3o Nativa e Reserva Legal (te\u00f3ricos)&#8221; use_bg_overlay=&#8221;off&#8221; use_text_overlay=&#8221;off&#8221; _builder_version=&#8221;3.0.94&#8243; custom_button=&#8221;off&#8221; button_on_hover=&#8221;on&#8221;]<img decoding=\"async\" loading=\"lazy\" src=\"https:\/\/www.radisufv.com.br\/site\/wp-content\/uploads\/2019\/02\/aero10-1024x651.jpg\" alt=\"\" width=\"1024\" height=\"651\" class=\"alignnone size-large wp-image-53540\" srcset=\"https:\/\/www.radisufv.com.br\/site\/wp-content\/uploads\/2019\/02\/aero10-1024x651.jpg 1024w, https:\/\/www.radisufv.com.br\/site\/wp-content\/uploads\/2019\/02\/aero10-300x191.jpg 300w, https:\/\/www.radisufv.com.br\/site\/wp-content\/uploads\/2019\/02\/aero10-768x489.jpg 768w, https:\/\/www.radisufv.com.br\/site\/wp-content\/uploads\/2019\/02\/aero10-1080x687.jpg 1080w, https:\/\/www.radisufv.com.br\/site\/wp-content\/uploads\/2019\/02\/aero10.jpg 1308w\" sizes=\"(max-width: 1024px) 100vw, 1024px\" \/><br \/>\n[\/et_pb_slide][et_pb_slide heading=&#8221;Detalhe 01 \u2013 Ajuste no per\u00edmetro&#8221; use_bg_overlay=&#8221;off&#8221; use_text_overlay=&#8221;off&#8221; _builder_version=&#8221;3.0.94&#8243; custom_button=&#8221;off&#8221; button_on_hover=&#8221;on&#8221;]<img decoding=\"async\" loading=\"lazy\" src=\"https:\/\/www.radisufv.com.br\/site\/wp-content\/uploads\/2019\/02\/aero12-1024x583.jpg\" alt=\"\" width=\"1024\" height=\"583\" class=\"alignnone size-large wp-image-53545\" srcset=\"https:\/\/www.radisufv.com.br\/site\/wp-content\/uploads\/2019\/02\/aero12-1024x583.jpg 1024w, https:\/\/www.radisufv.com.br\/site\/wp-content\/uploads\/2019\/02\/aero12-300x171.jpg 300w, https:\/\/www.radisufv.com.br\/site\/wp-content\/uploads\/2019\/02\/aero12-768x437.jpg 768w, https:\/\/www.radisufv.com.br\/site\/wp-content\/uploads\/2019\/02\/aero12-1080x615.jpg 1080w, https:\/\/www.radisufv.com.br\/site\/wp-content\/uploads\/2019\/02\/aero12.jpg 1289w\" sizes=\"(max-width: 1024px) 100vw, 1024px\" \/><br \/>\n[\/et_pb_slide][et_pb_slide heading=&#8221;Detalhe 02 \u2013 Ajuste no per\u00edmetro&#8221; use_bg_overlay=&#8221;off&#8221; use_text_overlay=&#8221;off&#8221; _builder_version=&#8221;3.0.94&#8243; custom_button=&#8221;off&#8221; button_on_hover=&#8221;on&#8221;]<img decoding=\"async\" loading=\"lazy\" src=\"https:\/\/www.radisufv.com.br\/site\/wp-content\/uploads\/2019\/02\/aero14-1024x587.jpg\" alt=\"\" width=\"1024\" height=\"587\" class=\"alignnone size-large wp-image-53547\" srcset=\"https:\/\/www.radisufv.com.br\/site\/wp-content\/uploads\/2019\/02\/aero14-1024x587.jpg 1024w, https:\/\/www.radisufv.com.br\/site\/wp-content\/uploads\/2019\/02\/aero14-300x172.jpg 300w, https:\/\/www.radisufv.com.br\/site\/wp-content\/uploads\/2019\/02\/aero14-768x440.jpg 768w, https:\/\/www.radisufv.com.br\/site\/wp-content\/uploads\/2019\/02\/aero14-1080x619.jpg 1080w, https:\/\/www.radisufv.com.br\/site\/wp-content\/uploads\/2019\/02\/aero14.jpg 1292w\" sizes=\"(max-width: 1024px) 100vw, 1024px\" \/><br \/>\n[\/et_pb_slide][et_pb_slide heading=&#8221;Detalhe 06 \u2013 Ajuste elementos CAR&#8221; use_bg_overlay=&#8221;off&#8221; use_text_overlay=&#8221;off&#8221; _builder_version=&#8221;3.0.94&#8243; custom_button=&#8221;off&#8221; button_on_hover=&#8221;on&#8221;]<img decoding=\"async\" loading=\"lazy\" src=\"https:\/\/www.radisufv.com.br\/site\/wp-content\/uploads\/2019\/02\/aero21-1024x591.jpg\" alt=\"\" width=\"1024\" height=\"591\" class=\"alignnone size-large wp-image-53551\" srcset=\"https:\/\/www.radisufv.com.br\/site\/wp-content\/uploads\/2019\/02\/aero21-1024x591.jpg 1024w, https:\/\/www.radisufv.com.br\/site\/wp-content\/uploads\/2019\/02\/aero21-300x173.jpg 300w, https:\/\/www.radisufv.com.br\/site\/wp-content\/uploads\/2019\/02\/aero21-768x443.jpg 768w, https:\/\/www.radisufv.com.br\/site\/wp-content\/uploads\/2019\/02\/aero21-1080x623.jpg 1080w, https:\/\/www.radisufv.com.br\/site\/wp-content\/uploads\/2019\/02\/aero21.jpg 1291w\" sizes=\"(max-width: 1024px) 100vw, 1024px\" \/><br \/>\n[\/et_pb_slide][\/et_pb_slider][et_pb_text _builder_version=&#8221;3.0.94&#8243;]<\/p>\n<h3><strong>DIFERENCIAL<\/strong><\/h3>\n<p>[\/et_pb_text][et_pb_text _builder_version=&#8221;3.0.94&#8243;]<\/p>\n<p style=\"text-align: justify;\">A certifica\u00e7\u00e3o dos lotes, criada pela Lei 10.267\/01, corresponde \u00e0 elabora\u00e7\u00e3o de planta georreferenciada do im\u00f3vel. Para elabora\u00e7\u00e3o destas plantas, est\u00e1 sendo proposta neste projeto uma solu\u00e7\u00e3o moderna, que permitir\u00e1 a realiza\u00e7\u00e3o de levantamentos em curto espa\u00e7o de tempo e, que proporcionar\u00e1 um produto inovador para a certifica\u00e7\u00e3o.<br \/> O m\u00e9todo confere agilidade e economia de recursos, pois a execu\u00e7\u00e3o \u00e9 mais r\u00e1pida, se comparada ao m\u00e9todo tradicional, com a ida de t\u00e9cnicos a campo munidos de GPS, e esta\u00e7\u00e3o total. A partir dos drones, s\u00e3o captadas imagens de alta resolu\u00e7\u00e3o, que possibilitam a gera\u00e7\u00e3o de dados com elevada precis\u00e3o t\u00e9cnica (limites dos lotes, as \u00e1reas de reserva legal e os recursos h\u00eddricos do local) que permitem o georreferenciamento dos lotes dos assentamentos.<\/p>\n<p>[\/et_pb_text][et_pb_image src=&#8221;https:\/\/www.radisufv.com.br\/site\/wp-content\/uploads\/2019\/02\/AERODIF.png&#8221; _builder_version=&#8221;3.0.94&#8243;][\/et_pb_image][et_pb_button button_url=&#8221;http:\/\/radisufv.com.br&#8221; button_text=&#8221;VOLTAR \u00c0 P\u00c1GINA INICIAL&#8221; admin_label=&#8221;Bot\u00e3o VOLTAR&#8221; _builder_version=&#8221;3.0.94&#8243; custom_button=&#8221;on&#8221; button_font=&#8221;||||||||&#8221; button_text_size=&#8221;14px&#8221; button_alignment=&#8221;right&#8221;][\/et_pb_button][\/et_pb_column][\/et_pb_row][\/et_pb_section]<\/p>\n","protected":false},"excerpt":{"rendered":"<p>[et_pb_section fb_built=&#8221;1&#8243; _builder_version=&#8221;3.0.47&#8243;][et_pb_row _builder_version=&#8221;3.0.94&#8243;][et_pb_column type=&#8221;4_4&#8243; _builder_version=&#8221;3.0.94&#8243; parallax=&#8221;off&#8221; parallax_method=&#8221;on&#8221;][et_pb_text _builder_version=&#8221;3.0.94&#8243; text_font=&#8221;||||||||&#8221;] GEORREFERENCIAMENTO [\/et_pb_text][\/et_pb_column][\/et_pb_row][et_pb_row _builder_version=&#8221;3.0.47&#8243; background_size=&#8221;initial&#8221; background_position=&#8221;top_left&#8221; background_repeat=&#8221;repeat&#8221;][et_pb_column type=&#8221;4_4&#8243; _builder_version=&#8221;3.0.47&#8243; parallax=&#8221;off&#8221; parallax_method=&#8221;on&#8221;][et_pb_text _builder_version=&#8221;3.0.94&#8243;] USO DE VANTs [\/et_pb_text][et_pb_text _builder_version=&#8221;3.0.94&#8243;] Pela primeira vez, um drone foi utilizado em atividades de campo em assentamento da reforma agr\u00e1ria em Alagoas. O projeto-piloto iniciou pelo assentamento Junco, localizado no munic\u00edpio de Maragogi, [&hellip;]<\/p>\n","protected":false},"author":1,"featured_media":0,"parent":0,"menu_order":0,"comment_status":"closed","ping_status":"closed","template":"","meta":[],"_links":{"self":[{"href":"https:\/\/www.radisufv.com.br\/site\/wp-json\/wp\/v2\/pages\/53524"}],"collection":[{"href":"https:\/\/www.radisufv.com.br\/site\/wp-json\/wp\/v2\/pages"}],"about":[{"href":"https:\/\/www.radisufv.com.br\/site\/wp-json\/wp\/v2\/types\/page"}],"author":[{"embeddable":true,"href":"https:\/\/www.radisufv.com.br\/site\/wp-json\/wp\/v2\/users\/1"}],"replies":[{"embeddable":true,"href":"https:\/\/www.radisufv.com.br\/site\/wp-json\/wp\/v2\/comments?post=53524"}],"version-history":[{"count":13,"href":"https:\/\/www.radisufv.com.br\/site\/wp-json\/wp\/v2\/pages\/53524\/revisions"}],"predecessor-version":[{"id":53616,"href":"https:\/\/www.radisufv.com.br\/site\/wp-json\/wp\/v2\/pages\/53524\/revisions\/53616"}],"wp:attachment":[{"href":"https:\/\/www.radisufv.com.br\/site\/wp-json\/wp\/v2\/media?parent=53524"}],"curies":[{"name":"wp","href":"https:\/\/api.w.org\/{rel}","templated":true}]}}